{"id":1141,"date":"2024-05-27T19:16:30","date_gmt":"2024-05-27T17:16:30","guid":{"rendered":"https:\/\/www.hotel-apollon-montparnasse.paris\/map-access\/"},"modified":"2025-04-15T12:49:06","modified_gmt":"2025-04-15T10:49:06","slug":"acceder-al-hotel","status":"publish","type":"page","link":"https:\/\/www.hotel-apollon-montparnasse.paris\/es\/acceder-al-hotel\/","title":{"rendered":"Acceder al hotel"},"content":{"rendered":"[vc_row bg_gradient_direction=\u00bb0&#8243; thb_divider_position=\u00bbbottom\u00bb css=\u00bb.vc_custom_1720545416317{background: #000000 url(https:\/\/www.hotel-apollon-montparnasse.paris\/wp-content\/uploads\/2024\/02\/ref.jpg?id=407) !important;background-position: center !important;background-repeat: no-repeat !important;background-size: cover !important;}\u00bb el_class=\u00bbsection_top\u00bb bg_gradient1=\u00bbrgba(10,10,10,0.01)\u00bb bg_gradient2=\u00bbrgba(0,0,0,0.38)\u00bb][vc_column][vc_row_inner][vc_column_inner][vc_column_text el_class=\u00bblight titrepage\u00bb]\n<h1 style=\"text-align: center;\">ACCEDER AL HOTEL<\/h1>\n[\/vc_column_text][\/vc_column_inner][\/vc_row_inner][vc_row_inner][vc_column_inner width=\u00bb1\/6&#8243;][\/vc_column_inner][vc_column_inner width=\u00bb2\/3&#8243;][vc_column_text el_class=\u00bbcta ctagrand\u00bb]\n<p style=\"text-align: center;\"><a href=\"#booking\"><i class=\"fa fa-chevron-right animated faa-horizontal \" style=\"color: #fff!important;\" aria-hidden=\"true\"><\/i> Reserva al mejor precio<\/a><\/p>\n[\/vc_column_text][\/vc_column_inner][vc_column_inner width=\u00bb1\/6&#8243;][\/vc_column_inner][\/vc_row_inner][\/vc_column][\/vc_row][vc_row bg_gradient_direction=\u00bb-45&#8243; thb_divider_position=\u00bbbottom\u00bb bg_gradient1=\u00bb#efe6dc\u00bb bg_gradient2=\u00bb#ffffff\u00bb][vc_column offset=\u00bbvc_col-lg-offset-1 vc_col-lg-10&#8243;][vc_row_inner content_placement=\u00bbmiddle\u00bb css=\u00bb.vc_custom_1716887709628{margin-bottom: 10px !important;}\u00bb][vc_column_inner][vc_column_text css=\u00bb.vc_custom_1722860370634{margin-bottom: 0px !important;}\u00bb]\n<h2 style=\"text-transform: uppercase; text-align: center;\">ACCEDER AL HOTEL AL HOTEL<\/h2>\n[\/vc_column_text][\/vc_column_inner][\/vc_row_inner][vc_row_inner thb_column_padding=\u00bbtrue\u00bb content_placement=\u00bbmiddle\u00bb][vc_column_inner width=\u00bb1\/2&#8243;][vc_column_text css=\u00bb.vc_custom_1716887734743{margin-bottom: 0px !important;border-top-width: 3px !important;border-right-width: 3px !important;border-bottom-width: 3px !important;border-left-width: 3px !important;padding-top: 25px !important;padding-right: 10px !important;padding-bottom: 15px !important;padding-left: 10px !important;background-color: rgba(255,255,255,0.64) !important;*background-color: rgb(255,255,255) !important;border-left-color: rgba(0,0,0,0.12) !important;border-left-style: solid !important;border-right-color: rgba(0,0,0,0.12) !important;border-right-style: solid !important;border-top-color: rgba(0,0,0,0.12) !important;border-top-style: solid !important;border-bottom-color: rgba(0,0,0,0.12) !important;border-bottom-style: solid !important;}\u00bb]\n<p class=\"tall\" style=\"text-align: left;\"><strong>91, rue de l\u2019Ouest 75014 Paris<\/strong><\/p>\n<p><iframe loading=\"lazy\" style=\"border: 0;\" src=\"https:\/\/www.google.com\/maps\/embed?pb=!1m18!1m12!1m3!1d2626.229200184869!2d2.314468677136843!3d48.83476667132889!2m3!1f0!2f0!3f0!3m2!1i1024!2i768!4f13.1!3m3!1m2!1s0x47e6704a5a373b3d%3A0xd5409cd201a380e2!2s91%20Rue%20de%20l'Ouest%2C%2075014%20Paris%2C%20France!5e0!3m2!1sen!2ses!4v1716878171933!5m2!1sen!2ses\" width=\"100%\" height=\"450\" allowfullscreen=\"allowfullscreen\"><\/iframe>[\/vc_column_text][\/vc_column_inner][vc_column_inner width=\u00bb1\/2&#8243;][vc_column_text css=\u00bb.vc_custom_1722860525485{border-top-width: 3px !important;border-right-width: 3px !important;border-bottom-width: 3px !important;border-left-width: 3px !important;padding-top: 30px !important;padding-right: 30px !important;padding-bottom: 30px !important;padding-left: 30px !important;border-left-color: rgba(0,0,0,0.13) !important;border-left-style: solid !important;border-right-color: rgba(0,0,0,0.13) !important;border-right-style: solid !important;border-top-color: rgba(0,0,0,0.13) !important;border-top-style: solid !important;border-bottom-color: rgba(0,0,0,0.13) !important;border-bottom-style: solid !important;}\u00bb]\n<h3>EN METRO<\/h3>\n<p><img decoding=\"async\" class=\"size-full wp-image-572 alignnone lazyload\" src=\"data:image\/gif;base64,R0lGODlhAQABAAAAACH5BAEKAAEALAAAAAABAAEAAAICTAEAOw==\" data-src=\"https:\/\/www.hotel-apollon-montparnasse.paris\/wp-content\/uploads\/2024\/05\/metro.png\" alt=\"\" width=\"450\" \/><\/p>\n<p style=\"text-align: left;\"><strong>Parada Pern\u00e9ty (linea 13), <\/strong>Directo desde las estaciones de trenes Gare Saint Lazare, Gare Montparnasse, Invalides, Los Campos El\u00edseos, Grandes Almacenes Lafayette y Printemps, Estadio de Francia<\/p>\n[\/vc_column_text][vc_column_text css=\u00bb.vc_custom_1722860571135{margin-bottom: 0px !important;border-top-width: 3px !important;border-right-width: 3px !important;border-bottom-width: 3px !important;border-left-width: 3px !important;padding-top: 30px !important;padding-right: 30px !important;padding-bottom: 30px !important;padding-left: 30px !important;border-left-color: rgba(0,0,0,0.13) !important;border-left-style: solid !important;border-right-color: rgba(0,0,0,0.13) !important;border-right-style: solid !important;border-top-color: rgba(0,0,0,0.13) !important;border-top-style: solid !important;border-bottom-color: rgba(0,0,0,0.13) !important;border-bottom-style: solid !important;}\u00bb]\n<h3>EN BUS<\/h3>\n<p><img decoding=\"async\" class=\"size-full wp-image-572 alignnone lazyload\" src=\"data:image\/gif;base64,R0lGODlhAQABAAAAACH5BAEKAAEALAAAAAABAAEAAAICTAEAOw==\" data-src=\"https:\/\/www.hotel-apollon-montparnasse.paris\/wp-content\/uploads\/2024\/05\/bus.png\" alt=\"\" width=\"350\" data-sizes=\"auto\" data-srcset=\"https:\/\/www.hotel-apollon-montparnasse.paris\/wp-content\/uploads\/2024\/05\/bus.png 715w, https:\/\/www.hotel-apollon-montparnasse.paris\/wp-content\/uploads\/2024\/05\/bus-640x90.png 640w, https:\/\/www.hotel-apollon-montparnasse.paris\/wp-content\/uploads\/2024\/05\/bus-320x45.png 320w, https:\/\/www.hotel-apollon-montparnasse.paris\/wp-content\/uploads\/2024\/05\/bus-20x3.png 20w\" sizes=\"(max-width: 715px) 100vw, 715px\" \/><\/p>\n<p style=\"text-align: left;\"><strong>Estos autobuses sirven nuestro hotel :<\/strong> Directo desde Los Invalidos, el museo de Orsay, la estaci\u00f3n de tren Gare Saint Lazare, el jard\u00edn del Luxemburgo, el centro Pompidou, Los Campos El\u00edseos, el Museo del Louvre, el Opera Garnier, Grandes Almacenes Lafayette y Printemps.<\/p>\n[\/vc_column_text][\/vc_column_inner][\/vc_row_inner][vc_row_inner thb_column_padding=\u00bbtrue\u00bb content_placement=\u00bbmiddle\u00bb][vc_column_inner width=\u00bb1\/2&#8243;][vc_column_text css=\u00bb.vc_custom_1729010869649{border-top-width: 3px !important;border-right-width: 3px !important;border-bottom-width: 3px !important;border-left-width: 3px !important;padding-top: 30px !important;padding-right: 30px !important;padding-bottom: 30px !important;padding-left: 30px !important;border-left-color: rgba(0,0,0,0.13) !important;border-left-style: solid !important;border-right-color: rgba(0,0,0,0.13) !important;border-right-style: solid !important;border-top-color: rgba(0,0,0,0.13) !important;border-top-style: solid !important;border-bottom-color: rgba(0,0,0,0.13) !important;border-bottom-style: solid !important;}\u00bb]\n<h3>EN COCHE<\/h3>\n<p><img decoding=\"async\" class=\"size-full wp-image-572 alignnone lazyload\" src=\"data:image\/gif;base64,R0lGODlhAQABAAAAACH5BAEKAAEALAAAAAABAAEAAAICTAEAOw==\" data-src=\"https:\/\/www.hotel-apollon-montparnasse.paris\/wp-content\/uploads\/2024\/10\/auto.png\" alt=\"\" width=\"350\" \/><\/p>\n<p style=\"text-align: left;\">Plazas de aparcamiento en un aparcamiento subterr\u00e1neo privado independiente, a 30 metros del hotel. Reserva directamente con nosotros: <strong>22 euros por las 24h<\/strong><\/p>\n[\/vc_column_text][vc_column_text css=\u00bb.vc_custom_1722860716451{margin-bottom: 0px !important;border-top-width: 3px !important;border-right-width: 3px !important;border-bottom-width: 3px !important;border-left-width: 3px !important;padding-top: 30px !important;padding-right: 30px !important;padding-bottom: 30px !important;padding-left: 30px !important;border-left-color: rgba(0,0,0,0.13) !important;border-left-style: solid !important;border-right-color: rgba(0,0,0,0.13) !important;border-right-style: solid !important;border-top-color: rgba(0,0,0,0.13) !important;border-top-style: solid !important;border-bottom-color: rgba(0,0,0,0.13) !important;border-bottom-style: solid !important;}\u00bb]\n<h3>DESDE EL AEROPUERTO DE CHARLES DE GAULLE<\/h3>\n<p><img decoding=\"async\" class=\"size-full wp-image-572 alignnone lazyload\" src=\"data:image\/gif;base64,R0lGODlhAQABAAAAACH5BAEKAAEALAAAAAABAAEAAAICTAEAOw==\" data-src=\"https:\/\/www.hotel-apollon-montparnasse.paris\/wp-content\/uploads\/2024\/05\/logo_cdg.png\" alt=\"\" width=\"350\" \/><\/p>\n<p style=\"text-align: left;\"><strong>Bus Air France<\/strong>\u202f (<a href=\"http:\/\/www.lescarsairfrance.com\/\" target=\"_blank\" rel=\"noopener\">www.lescarsairfrance.com<\/a>) que los llevar\u00e1 hasta la Gare Montparnasse. Esta estaci\u00f3n esta a 5 minutos a pie del Hotel.<\/p>\n[\/vc_column_text][\/vc_column_inner][vc_column_inner width=\u00bb1\/2&#8243;][vc_column_text css=\u00bb.vc_custom_1722860749178{border-top-width: 3px !important;border-right-width: 3px !important;border-bottom-width: 3px !important;border-left-width: 3px !important;padding-top: 30px !important;padding-right: 30px !important;padding-bottom: 30px !important;padding-left: 30px !important;border-left-color: rgba(0,0,0,0.13) !important;border-left-style: solid !important;border-right-color: rgba(0,0,0,0.13) !important;border-right-style: solid !important;border-top-color: rgba(0,0,0,0.13) !important;border-top-style: solid !important;border-bottom-color: rgba(0,0,0,0.13) !important;border-bottom-style: solid !important;}\u00bb]\n<h3>DESDE EL AEROPUERTO DE ORLY<\/h3>\n<p><img decoding=\"async\" class=\"size-full wp-image-572 alignnone lazyload\" src=\"data:image\/gif;base64,R0lGODlhAQABAAAAACH5BAEKAAEALAAAAAABAAEAAAICTAEAOw==\" data-src=\"https:\/\/www.hotel-apollon-montparnasse.paris\/wp-content\/uploads\/2024\/05\/logo_orly.png\" alt=\"\" width=\"350\" \/><\/p>\n<p style=\"text-align: left;\"><strong>Bus Air France<\/strong>\u202f (<a href=\"http:\/\/www.lescarsairfrance.com\/\" target=\"_blank\" rel=\"noopener\">www.lescarsairfrance.com<\/a>) que los llevar\u00e1 hasta la Gare Montparnasse. Esta estaci\u00f3n esta a 5 minutos a pie del Hotel.<\/p>\n<p style=\"text-align: left;\"><strong>Orlyval (<a href=\"https:\/\/www.orlyval.com\" target=\"_blank\" rel=\"noopener\">www.orlyval.com<\/a>)<\/strong> hasta la estaci\u00f3n Antony, luego RER B (direcci\u00f3n Par\u00eds) hasta Saint Michel Notre Dame y luego l\u00ednea 10 (direcci\u00f3n Boulogne) hasta la estaci\u00f3n S\u00e8vres-Babylone<\/p>\n<p style=\"text-align: left;\"><strong>ORLYBUS (<a href=\"https:\/\/www.ratp.fr\" target=\"_blank\" rel=\"noopener\">www.ratp.fr<\/a>)<\/strong> que le llevar\u00e1 a Denfert-Rochereau, desde donde podr\u00e1 tomar el autob\u00fas 68 hasta la estaci\u00f3n S\u00e8vres Babylone o la l\u00ednea 4 (direcci\u00f3n Porte de Clignancourt) hasta Saint Sulpice.<\/p>\n[\/vc_column_text][\/vc_column_inner][\/vc_row_inner][vc_row_inner thb_column_padding=\u00bbtrue\u00bb content_placement=\u00bbmiddle\u00bb][vc_column_inner][vc_column_text css=\u00bb.vc_custom_1744714133973{border-top-width: 3px !important;border-right-width: 3px !important;border-bottom-width: 3px !important;border-left-width: 3px !important;padding-top: 30px !important;padding-right: 30px !important;padding-bottom: 30px !important;padding-left: 30px !important;border-left-color: rgba(0,0,0,0.13) !important;border-left-style: solid !important;border-right-color: rgba(0,0,0,0.13) !important;border-right-style: solid !important;border-top-color: rgba(0,0,0,0.13) !important;border-top-style: solid !important;border-bottom-color: rgba(0,0,0,0.13) !important;border-bottom-style: solid !important;}\u00bb]\n<h3>C\u00f3mo moverse<\/h3>\n<p style=\"text-align: left;\">Estaci\u00f3n de bicicletas y coches compartidos a solo 10 metros del establecimiento. Estaciones de metro, paradas de autob\u00fas y la estaci\u00f3n de tren Montparnasse est\u00e1n cerca, y tambi\u00e9n se puede pedir un taxi.<\/p>\n[\/vc_column_text][\/vc_column_inner][\/vc_row_inner][vc_row_inner content_placement=\u00bbmiddle\u00bb disable_element=\u00bbyes\u00bb css=\u00bb.vc_custom_1716965002443{margin-right: 0px !important;margin-bottom: 70px !important;margin-left: 0px !important;}\u00bb][vc_column_inner width=\u00bb1\/3&#8243; css=\u00bb.vc_custom_1716887821143{border-top-width: 3px !important;border-right-width: 3px !important;border-bottom-width: 3px !important;border-left-width: 3px !important;border-left-color: rgba(0,0,0,0.12) !important;border-left-style: solid !important;border-right-color: rgba(0,0,0,0.12) !important;border-right-style: solid !important;border-top-color: rgba(0,0,0,0.12) !important;border-top-style: solid !important;border-bottom-color: rgba(0,0,0,0.12) !important;border-bottom-style: solid !important;}\u00bb][vc_column_text css=\u00bb.vc_custom_1716964448016{margin-bottom: 0px !important;padding-top: 30px !important;padding-right: 30px !important;padding-bottom: 30px !important;padding-left: 30px !important;}\u00bb]\n<h3>VENIR EN VOITURE<\/h3>\n<p style=\"text-align: left;\">Places de parking r\u00e9serv\u00e9es pour l\u2019h\u00f4tel dans un <strong>parking priv\u00e9<\/strong>, ind\u00e9pendant de l\u2019h\u00f4tel, situ\u00e9 \u00e0 30 m\u00e8tres. R\u00e9servez votre place via l\u2019h\u00f4tel directement : <strong>20 euros les 24h.<\/strong><\/p>\n[\/vc_column_text][\/vc_column_inner][vc_column_inner width=\u00bb1\/3&#8243; css=\u00bb.vc_custom_1716887851980{border-top-width: 3px !important;border-right-width: 3px !important;border-bottom-width: 3px !important;border-left-width: 3px !important;border-left-color: rgba(0,0,0,0.11) !important;border-left-style: solid !important;border-right-color: rgba(0,0,0,0.11) !important;border-right-style: solid !important;border-top-color: rgba(0,0,0,0.11) !important;border-top-style: solid !important;border-bottom-color: rgba(0,0,0,0.11) !important;border-bottom-style: solid !important;}\u00bb][vc_column_text css=\u00bb.vc_custom_1716964497771{margin-bottom: 0px !important;padding-top: 30px !important;padding-right: 30px !important;padding-bottom: 30px !important;padding-left: 30px !important;}\u00bb]\n<h3>DEPUIS L\u2019A\u00c9ROPORT CHARLES DE GAULLE<\/h3>\n<p><img decoding=\"async\" class=\"size-full wp-image-572 alignnone lazyload\" src=\"data:image\/gif;base64,R0lGODlhAQABAAAAACH5BAEKAAEALAAAAAABAAEAAAICTAEAOw==\" data-src=\"https:\/\/www.hotel-apollon-montparnasse.paris\/wp-content\/uploads\/2024\/05\/logo_cdg.png\" alt=\"\" width=\"350\" \/><\/p>\n<p style=\"text-align: left;\"><strong>Bus Air France (<a href=\"https:\/\/www.lescarsairfrance.com\">www.lescarsairfrance.com<\/a>), <\/strong>qui vous conduiront jusqu\u2019\u00e0 la Gare Montparnasse. <strong>Depuis la Gare Montparnasse, 5 minutes de marche de l\u2019h\u00f4tel<\/strong><\/p>\n[\/vc_column_text][\/vc_column_inner][vc_column_inner width=\u00bb1\/3&#8243; css=\u00bb.vc_custom_1716888054860{border-top-width: 3px !important;border-right-width: 3px !important;border-bottom-width: 3px !important;border-left-width: 3px !important;border-left-color: rgba(0,0,0,0.11) !important;border-left-style: solid !important;border-right-color: rgba(0,0,0,0.11) !important;border-right-style: solid !important;border-top-color: rgba(0,0,0,0.11) !important;border-top-style: solid !important;border-bottom-color: rgba(0,0,0,0.11) !important;border-bottom-style: solid !important;}\u00bb][vc_column_text css=\u00bb.vc_custom_1716964246981{margin-bottom: 0px !important;padding-top: 30px !important;padding-right: 30px !important;padding-bottom: 30px !important;padding-left: 30px !important;}\u00bb]\n<h3>DEPUIS L\u2019A\u00c9ROPORT D\u2019ORLY<\/h3>\n<p><img decoding=\"async\" class=\"size-full wp-image-572 alignnone lazyload\" src=\"data:image\/gif;base64,R0lGODlhAQABAAAAACH5BAEKAAEALAAAAAABAAEAAAICTAEAOw==\" data-src=\"https:\/\/www.hotel-apollon-montparnasse.paris\/wp-content\/uploads\/2024\/05\/logo_orly.png\" alt=\"\" width=\"350\" \/><\/p>\n<p style=\"text-align: left;\"><strong>Bus Air France (<a href=\"https:\/\/www.lescarsairfrance.com\" target=\"_blank\" rel=\"noopener\">www.lescarsairfrance.com<\/a>)<\/strong>, qui vous conduiront jusqu\u2019\u00e0 la Gare Montparnasse.\u2028Depuis la Gare Montparnasse, 5 minutes de marche de l\u2019h\u00f4tel.<br \/>\n<strong>OU Orlyval (<a href=\"https:\/\/www.orlyval.com\" target=\"_blank\" rel=\"noopener\">www.orlyval.com<\/a>)<\/strong> jusqu\u2019\u00e0 la station Antony puis le RER B (direction Paris) jusqu\u2019\u00e0 Saint Michel Notre Dame et la ligne 10 (direction Boulogne) jusqu\u2019\u00e0 la station S\u00e8vres-Babylone<br \/>\n<strong>OU ORLYBUS (<a href=\"https:\/\/www.ratp.fr\" target=\"_blank\" rel=\"noopener\">www.ratp.fr<\/a>)<\/strong> qui vous conduira jusqu\u2019\u00e0 Denfert-Rochereau d\u2019o\u00f9 vous pourrez prendre le bus 68 jusqu\u2019\u00e0 la station S\u00e8vres Babylone ou la ligne 4 (direction Porte de Clignancourt) jusqu\u2019\u00e0 Saint Sulpice[\/vc_column_text][\/vc_column_inner][\/vc_row_inner][vc_row_inner thb_column_padding=\u00bbtrue\u00bb content_placement=\u00bbmiddle\u00bb css=\u00bb.vc_custom_1716965260320{margin-top: 70px !important;margin-bottom: 70px !important;}\u00bb][vc_column_inner width=\u00bb1\/2&#8243;][vc_column_text css=\u00bb.vc_custom_1716965619519{margin-bottom: 0px !important;}\u00bb]<img loading=\"lazy\" decoding=\"async\" class=\"size-full wp-image-547 aligncenter lazyload\" src=\"data:image\/gif;base64,R0lGODlhAQABAAAAACH5BAEKAAEALAAAAAABAAEAAAICTAEAOw==\" data-src=\"https:\/\/www.hotel-apollon-montparnasse.paris\/wp-content\/uploads\/2024\/05\/apollon-1.png\" alt=\"\" width=\"1195\" height=\"919\" \/>[\/vc_column_text][\/vc_column_inner][vc_column_inner width=\u00bb1\/2&#8243;][vc_column_text css=\u00bb.vc_custom_1722860785626{margin-bottom: 40px !important;margin-left: -75px !important;padding-top: 30px !important;padding-right: 30px !important;padding-bottom: 30px !important;padding-left: 30px !important;background-color: #ffffff !important;}\u00bb]\n<h2>NUESTRO BARRIO \u00ab MONTPARNASSE ARTY\u00bb<\/h2>\n<p>Nuestro barrio \u201c<strong>Pernety<\/strong>\u201d conserva el esp\u00edritu de una peque\u00f1a ciudad art\u00edstica del principio del siglo 20.<\/p>\n<p>Ambiente \u201carty\u201d y caluroso, ser\u00e1n seducidos por todos los peque\u00f1os bistr\u00f3s, restaurantes, calles comerciantes que dan la impresi\u00f3n de estar viviendo como un parisino.<\/p>\n<p>A dos pasos de los teatros, cinemas y club de m\u00fasica jazz, el barrio \u201cPernety\u201d ofrece una experiencia cultural y culinaria en Paris.[\/vc_column_text][\/vc_column_inner][\/vc_row_inner][vc_row_inner content_placement=\u00bbtop\u00bb css=\u00bb.vc_custom_1716966011843{margin-right: 0px !important;margin-bottom: 70px !important;margin-left: 0px !important;}\u00bb][vc_column_inner width=\u00bb3\/5&#8243; css=\u00bb.vc_custom_1716887821143{border-top-width: 3px !important;border-right-width: 3px !important;border-bottom-width: 3px !important;border-left-width: 3px !important;border-left-color: rgba(0,0,0,0.12) !important;border-left-style: solid !important;border-right-color: rgba(0,0,0,0.12) !important;border-right-style: solid !important;border-top-color: rgba(0,0,0,0.12) !important;border-top-style: solid !important;border-bottom-color: rgba(0,0,0,0.12) !important;border-bottom-style: solid !important;}\u00bb][vc_column_text css=\u00bb.vc_custom_1722860799242{margin-bottom: 0px !important;padding-top: 30px !important;padding-right: 30px !important;padding-bottom: 30px !important;padding-left: 30px !important;}\u00bb]\n<h3><i class=\"fa-solid fa-location-dot\"><\/i> Algunas buenas direcciones cercanas<\/h3>\n<p>La Tour Montparnasse et sa vue \u00e0 360\u00b0 de notre ville, l\u2019Eglise Notre Dame du Travail, le Petit Journal (club de jazz), rue de la Gait\u00e9 et ses th\u00e9\u00e2tres, l\u2019Entrep\u00f4t et son centre culturel, rue des Thermopiles, rue Raymond Losserand et ses petits commerces, Fondation Henri Cartier Bresson, Les Catacombes, Jardins Atlantis et le Mus\u00e9e Jean Moulin.[\/vc_column_text][\/vc_column_inner][vc_column_inner width=\u00bb2\/5&#8243; css=\u00bb.vc_custom_1716887851980{border-top-width: 3px !important;border-right-width: 3px !important;border-bottom-width: 3px !important;border-left-width: 3px !important;border-left-color: rgba(0,0,0,0.11) !important;border-left-style: solid !important;border-right-color: rgba(0,0,0,0.11) !important;border-right-style: solid !important;border-top-color: rgba(0,0,0,0.11) !important;border-top-style: solid !important;border-bottom-color: rgba(0,0,0,0.11) !important;border-bottom-style: solid !important;}\u00bb][vc_column_text css=\u00bb.vc_custom_1722860811331{margin-bottom: 0px !important;padding-top: 30px !important;padding-right: 30px !important;padding-bottom: 30px !important;padding-left: 30px !important;}\u00bb]\n<h3><i class=\"fa-solid fa-utensils fa-lg\"><\/i> Nuestros restaurantes preferidos :<\/h3>\n<p>La Cantine du Troquet, les Bistrotters, l\u2019Entrep\u00f4t, Au M\u00e9tro 14, les Tontons , les Frangines, l\u2019Assiette, Cob\u00e9a, La Cagouille, Il Gallo Nero, Aux Enfants g\u00e2t\u00e9s, Le cornichon, Josselin, Augustin, L\u2019essentiel.[\/vc_column_text][\/vc_column_inner][\/vc_row_inner][\/vc_column][\/vc_row]\n","protected":false},"excerpt":{"rendered":"<p>[vc_row bg_gradient_direction=\u00bb0&#8243; thb_divider_position=\u00bbbottom\u00bb css=\u00bb.vc_custom_1720545416317{background: #000000 url(https:\/\/www.hotel-apollon-montparnasse.paris\/wp-content\/uploads\/2024\/02\/ref.jpg?id=407) !important;background-position: center !important;background-repeat: no-repeat !important;background-size: cover !important;}\u00bb el_class=\u00bbsection_top\u00bb bg_gradient1=\u00bbrgba(10,10,10,0.01)\u00bb bg_gradient2=\u00bbrgba(0,0,0,0.38)\u00bb][vc_column][vc_row_inner][vc_column_inner][vc_column_text el_class=\u00bblight titrepage\u00bb] ACCEDER AL HOTEL [\/vc_column_text][\/vc_column_inner][\/vc_row_inner][vc_row_inner][vc_column_inner width=\u00bb1\/6&#8243;][\/vc_column_inner][vc_column_inner width=\u00bb2\/3&#8243;][vc_column_text el_class=\u00bbcta&hellip;<\/p>\n","protected":false},"author":1,"featured_media":0,"parent":0,"menu_order":0,"comment_status":"closed","ping_status":"closed","template":"page-default.php","meta":{"footnotes":""},"class_list":["post-1141","page","type-page","status-publish","hentry"],"_links":{"self":[{"href":"https:\/\/www.hotel-apollon-montparnasse.paris\/es\/wp-json\/wp\/v2\/pages\/1141","targetHints":{"allow":["GET"]}}],"collection":[{"href":"https:\/\/www.hotel-apollon-montparnasse.paris\/es\/wp-json\/wp\/v2\/pages"}],"about":[{"href":"https:\/\/www.hotel-apollon-montparnasse.paris\/es\/wp-json\/wp\/v2\/types\/page"}],"author":[{"embeddable":true,"href":"https:\/\/www.hotel-apollon-montparnasse.paris\/es\/wp-json\/wp\/v2\/users\/1"}],"replies":[{"embeddable":true,"href":"https:\/\/www.hotel-apollon-montparnasse.paris\/es\/wp-json\/wp\/v2\/comments?post=1141"}],"version-history":[{"count":12,"href":"https:\/\/www.hotel-apollon-montparnasse.paris\/es\/wp-json\/wp\/v2\/pages\/1141\/revisions"}],"predecessor-version":[{"id":1536,"href":"https:\/\/www.hotel-apollon-montparnasse.paris\/es\/wp-json\/wp\/v2\/pages\/1141\/revisions\/1536"}],"wp:attachment":[{"href":"https:\/\/www.hotel-apollon-montparnasse.paris\/es\/wp-json\/wp\/v2\/media?parent=1141"}],"curies":[{"name":"wp","href":"https:\/\/api.w.org\/{rel}","templated":true}]}}